{"id":36,"date":"2020-09-09T09:54:34","date_gmt":"2020-09-09T07:54:34","guid":{"rendered":"http:\/\/localhost:8888\/wp_CFTC-AGRI\/?page_id=36"},"modified":"2021-04-22T10:31:18","modified_gmt":"2021-04-22T08:31:18","slug":"nos-services","status":"publish","type":"page","link":"https:\/\/imprimeriecentrale.fr\/CFTC-AGRI\/nos-services","title":{"rendered":"Nos services"},"content":{"rendered":"\t\t<div data-elementor-type=\"wp-page\" data-elementor-id=\"36\" class=\"elementor elementor-36\" data-elementor-settings=\"[]\">\n\t\t\t\t\t\t<div class=\"elementor-inner\">\n\t\t\t\t\t\t\t<div class=\"elementor-section-wrap\">\n\t\t\t\t\t\t\t<section class=\"elementor-section elementor-top-section elementor-element elementor-element-79e19914 elementor-section-boxed elementor-section-height-default elementor-section-height-default\" data-id=\"79e19914\" data-element_type=\"section\">\n\t\t\t\t\t\t<div class=\"elementor-container elementor-column-gap-default\">\n\t\t\t\t\t\t\t<div class=\"elementor-row\">\n\t\t\t\t\t<div class=\"elementor-column elementor-col-100 elementor-top-column elementor-element elementor-element-4249cf3a\" data-id=\"4249cf3a\" data-element_type=\"column\">\n\t\t\t<div class=\"elementor-column-wrap elementor-element-populated\">\n\t\t\t\t\t\t\t<div class=\"elementor-widget-wrap\">\n\t\t\t\t\t\t<div class=\"elementor-element elementor-element-6fb47332 elementor-widget elementor-widget-text-editor\" data-id=\"6fb47332\" data-element_type=\"widget\" data-widget_type=\"text-editor.default\">\n\t\t\t\t<div class=\"elementor-widget-container\">\n\t\t\t\t\t<div class=\"elementor-text-editor elementor-clearfix\"><!-- wp:heading {\"level\":3} -->\n<h3><strong><em>LA CFTC VOUS CONSEILLE ET VOUS ACCOMPAGNE<\/em><\/strong><\/h3>\n<!-- \/wp:heading -->\n\n<!-- wp:paragraph -->\n<p><strong><em>ASSISTANCE JURIDIQUE EN CAS DE CONFLIT DU TRAVAIL<\/em><\/strong><\/p>\n<!-- \/wp:paragraph -->\n\n<!-- wp:paragraph -->\n<p>Nos juristes en droit social, nos conseillers du salari\u00e9, nos d\u00e9fenseurs prud\u2019homaux\u2026 vous accompagnent dans vos d\u00e9marches.<\/p>\n<!-- \/wp:paragraph -->\n\n<!-- wp:paragraph -->\n<p><strong><em>ACCOMPAGNEMENT PERSONNALISE POUR VOTRE EVOLUTION DE CARRIERE<\/em><\/strong><\/p>\n<!-- \/wp:paragraph -->\n\n<!-- wp:paragraph -->\n<p>Nous vous conseillons tout au long de votre vie professionnelle : formation professionnelle, seconde partie de carri\u00e8re (s\u00e9niors)\u2026<\/p>\n<!-- \/wp:paragraph -->\n\n<!-- wp:paragraph -->\n<p><strong><em>INFORMATIONS SUR VOS DROITS<\/em><\/strong><\/p>\n<!-- \/wp:paragraph -->\n\n<!-- wp:paragraph -->\n<p>Nous vous renseignons sur vos droits, votre convention collective, votre protection sociale et votre retraite&#8230;<\/p>\n<!-- \/wp:paragraph -->\n\n<!-- wp:paragraph -->\n<p><strong><em>ACCOMPAGNEMENT DES DELEGUES ET ELUS<\/em><\/strong><\/p>\n<!-- \/wp:paragraph -->\n\n<!-- wp:paragraph -->\n<p>Nous conseillons et formons les repr\u00e9sentants du personnel dans les entreprises.<\/p>\n<!-- \/wp:paragraph -->\n\n<!-- wp:paragraph -->\n<p>Nous n\u00e9gocions des dispositifs et avantages pr\u00e9f\u00e9rentiels pour les comit\u00e9s sociaux et \u00e9conomiques, pour am\u00e9liorer les services \u00e0 destination des salari\u00e9s.<\/p>\n<!-- \/wp:paragraph -->\n\n<!-- wp:paragraph -->\n<p> &#8211;<a href=\"https:\/\/www.cftc.fr\/comprendre-vos-droits\/les-adherents\">en savoir plus sur les \u00ab&nbsp;+&nbsp;\u00bb adh\u00e9rents<\/a>&#8211;<\/p>\n<!-- \/wp:paragraph --><\/div>\n\t\t\t\t<\/div>\n\t\t\t\t<\/div>\n\t\t\t\t\t\t<\/div>\n\t\t\t\t\t<\/div>\n\t\t<\/div>\n\t\t\t\t\t\t\t\t<\/div>\n\t\t\t\t\t<\/div>\n\t\t<\/section>\n\t\t\t\t<section class=\"elementor-section elementor-top-section elementor-element elementor-element-86dd90a elementor-section-boxed elementor-section-height-default elementor-section-height-default\" data-id=\"86dd90a\" data-element_type=\"section\">\n\t\t\t\t\t\t<div class=\"elementor-container elementor-column-gap-default\">\n\t\t\t\t\t\t\t<div class=\"elementor-row\">\n\t\t\t\t\t<div class=\"elementor-column elementor-col-100 elementor-top-column elementor-element elementor-element-cc2afd0\" data-id=\"cc2afd0\" data-element_type=\"column\">\n\t\t\t<div class=\"elementor-column-wrap elementor-element-populated\">\n\t\t\t\t\t\t\t<div class=\"elementor-widget-wrap\">\n\t\t\t\t\t\t<div class=\"elementor-element elementor-element-12922ab elementor-align-justify elementor-widget elementor-widget-button\" data-id=\"12922ab\" data-element_type=\"widget\" data-widget_type=\"button.default\">\n\t\t\t\t<div class=\"elementor-widget-container\">\n\t\t\t\t\t<div class=\"elementor-button-wrapper\">\n\t\t\t<a href=\"#\" class=\"elementor-button-link elementor-button elementor-size-sm\" role=\"button\">\n\t\t\t\t\t\t<span class=\"elementor-button-content-wrapper\">\n\t\t\t\t\t\t<span class=\"elementor-button-text\">Cliquez ici<\/span>\n\t\t<\/span>\n\t\t\t\t\t<\/a>\n\t\t<\/div>\n\t\t\t\t<\/div>\n\t\t\t\t<\/div>\n\t\t\t\t\t\t<\/div>\n\t\t\t\t\t<\/div>\n\t\t<\/div>\n\t\t\t\t\t\t\t\t<\/div>\n\t\t\t\t\t<\/div>\n\t\t<\/section>\n\t\t\t\t\t\t<\/div>\n\t\t\t\t\t\t<\/div>\n\t\t\t\t\t<\/div>\n\t\t","protected":false},"excerpt":{"rendered":"<p>LA CFTC VOUS CONSEILLE ET VOUS ACCOMPAGNE ASSISTANCE JURIDIQUE EN CAS DE CONFLIT DU TRAVAIL Nos juristes en droit social, nos conseillers du salari\u00e9, nos d\u00e9fenseurs prud\u2019homaux\u2026 vous accompagnent dans [&#8230;] <a class=\"read-more\" href=\"https:\/\/imprimeriecentrale.fr\/CFTC-AGRI\/nos-services\">Lire la suite<\/a><\/p>\n","protected":false},"author":1,"featured_media":0,"parent":0,"menu_order":0,"comment_status":"closed","ping_status":"closed","template":"","meta":[],"_links":{"self":[{"href":"https:\/\/imprimeriecentrale.fr\/CFTC-AGRI\/wp-json\/wp\/v2\/pages\/36"}],"collection":[{"href":"https:\/\/imprimeriecentrale.fr\/CFTC-AGRI\/wp-json\/wp\/v2\/pages"}],"about":[{"href":"https:\/\/imprimeriecentrale.fr\/CFTC-AGRI\/wp-json\/wp\/v2\/types\/page"}],"author":[{"embeddable":true,"href":"https:\/\/imprimeriecentrale.fr\/CFTC-AGRI\/wp-json\/wp\/v2\/users\/1"}],"replies":[{"embeddable":true,"href":"https:\/\/imprimeriecentrale.fr\/CFTC-AGRI\/wp-json\/wp\/v2\/comments?post=36"}],"version-history":[{"count":8,"href":"https:\/\/imprimeriecentrale.fr\/CFTC-AGRI\/wp-json\/wp\/v2\/pages\/36\/revisions"}],"predecessor-version":[{"id":718,"href":"https:\/\/imprimeriecentrale.fr\/CFTC-AGRI\/wp-json\/wp\/v2\/pages\/36\/revisions\/718"}],"wp:attachment":[{"href":"https:\/\/imprimeriecentrale.fr\/CFTC-AGRI\/wp-json\/wp\/v2\/media?parent=36"}],"curies":[{"name":"wp","href":"https:\/\/api.w.org\/{rel}","templated":true}]}}