{"id":321,"date":"2020-11-19T13:18:13","date_gmt":"2020-11-19T12:18:13","guid":{"rendered":"https:\/\/imprimeriecentrale.fr\/CFTC-AGRI\/?page_id=321"},"modified":"2020-12-22T17:41:29","modified_gmt":"2020-12-22T16:41:29","slug":"adherer","status":"publish","type":"page","link":"https:\/\/imprimeriecentrale.fr\/CFTC-AGRI\/adherer","title":{"rendered":"Adh\u00e9rer"},"content":{"rendered":"\n<p>Fond\u00e9e en 1919, la CFTC est tr\u00e8s attach\u00e9e \u00e0 la justice sociale et privil\u00e9gie un syndicalisme de dialogue et de<br>n\u00e9gociation. Votre adh\u00e9sion manifeste votre soutien au mouvement et vous permet d\u2019y prendre part activement.<\/p>\n\n\n\n<p><strong>\u00c0 la CFTC, vos donn\u00e9es personnelles sont prot\u00e9g\u00e9es.<\/strong><\/p>\n\n\n\n<p><img loading=\"lazy\" width=\"9\" height=\"38\" src=\"\">La s\u00e9curit\u00e9 de vos donn\u00e9es personnelles a toujours \u00e9t\u00e9 une priorit\u00e9 pour nous et se renforce encore avec la mise en \u0153uvre du R\u00e8glement G\u00e9n\u00e9ral sur la Protection des Donn\u00e9es (RGPD) depuis le 25 mai 2018. En remplissant ce bulletin d\u2019adh\u00e9sion, vous acceptez que la CFTC m\u00e9morise et utilise vos donn\u00e9es personnelles collect\u00e9es dans ce bulletin, uniquement dans le cadre des activit\u00e9s syndicales de la CFTC : l\u2019information et la formation, l\u2019action syndicale, la consultation, la gestion des cotisations.<\/p>\n\n\n\n<p><img loading=\"lazy\" width=\"12\" height=\"48\" src=\"\">En l\u2019occurrence, vous autorisez la CFTC \u00e0 communiquer avec vous afin de vous apporter des informations compl\u00e9mentaires sur ses activit\u00e9s via les coordonn\u00e9es collect\u00e9es dans ce bulletin. Afin de prot\u00e9ger la confidentialit\u00e9 de vos donn\u00e9es personnelles, la CFTC s\u2019engage \u00e0 ne pas divulguer, ne pas transmettre, ni partager vos donn\u00e9es personnelles avec d\u2019autres entit\u00e9s, entreprises ou organismes quels qu\u2019ils soient ou \u00e0 des fins commerciales, conform\u00e9ment au R\u00e8glement G\u00e9n\u00e9ral de Protection des Donn\u00e9es de 2018 sur la protection des donn\u00e9es personnelles et \u00e0 notre politique de protection des donn\u00e9es. Vous pouvez \u00e0 tout moment nous demander de rectifier ou de supprimer certaines de vos donn\u00e9es de notre base INARIC (fichier informatique conf\u00e9d\u00e9ral).<\/p>\n\n\n\n<p>Contact CFTC du D\u00e9l\u00e9gu\u00e9 \u00e0 la Protection des Donn\u00e9es\u00a0: <a href=\"mailto:dpo-cftc@cftc.fr\">dpo-cftc@cftc.fr<\/a><\/p>\n\n\n\n<p><strong>Vous souhaitez soutenir l\u2019<a href=\"https:\/\/imprimeriecentrale.fr\/CFTC-AGRI\/notre-projet\" data-type=\"page\" data-id=\"34\">action<\/a>\u00a0de la CFTC ou b\u00e9n\u00e9ficier des nombreuses informations et\u00a0<a href=\"https:\/\/imprimeriecentrale.fr\/CFTC-AGRI\/nos-services\" data-type=\"page\" data-id=\"36\">services<\/a>\u00a0propos\u00e9s par la CFTC, nous vous invitons \u00e0 remplir le formulaire de demande d\u2019adh\u00e9sion ci-dessous.<\/strong><\/p>\n\n\n\n<p>Vous recevrez sous 8 jours par mail ou par courrier, le bar\u00e8me de votre syndicat et les modalit\u00e9s de r\u00e8glement de votre cotisation.<\/p>\n\n\n<p>[contact-form-7 id=\u00a0\u00bb452&Prime; title=\u00a0\u00bbFormulaire de demande d&rsquo;adh\u00e9sion\u00a0\u00bb html_class=\u00a0\u00bbform adhesion-form\u00a0\u00bb]<\/p>\n","protected":false},"excerpt":{"rendered":"<p>Fond\u00e9e en 1919, la CFTC est tr\u00e8s attach\u00e9e \u00e0 la justice sociale et privil\u00e9gie un syndicalisme de dialogue et den\u00e9gociation. Votre adh\u00e9sion manifeste votre soutien au mouvement et vous permet [&#8230;] <a class=\"read-more\" href=\"https:\/\/imprimeriecentrale.fr\/CFTC-AGRI\/adherer\">Lire la suite<\/a><\/p>\n","protected":false},"author":1,"featured_media":0,"parent":0,"menu_order":0,"comment_status":"closed","ping_status":"closed","template":"","meta":[],"_links":{"self":[{"href":"https:\/\/imprimeriecentrale.fr\/CFTC-AGRI\/wp-json\/wp\/v2\/pages\/321"}],"collection":[{"href":"https:\/\/imprimeriecentrale.fr\/CFTC-AGRI\/wp-json\/wp\/v2\/pages"}],"about":[{"href":"https:\/\/imprimeriecentrale.fr\/CFTC-AGRI\/wp-json\/wp\/v2\/types\/page"}],"author":[{"embeddable":true,"href":"https:\/\/imprimeriecentrale.fr\/CFTC-AGRI\/wp-json\/wp\/v2\/users\/1"}],"replies":[{"embeddable":true,"href":"https:\/\/imprimeriecentrale.fr\/CFTC-AGRI\/wp-json\/wp\/v2\/comments?post=321"}],"version-history":[{"count":12,"href":"https:\/\/imprimeriecentrale.fr\/CFTC-AGRI\/wp-json\/wp\/v2\/pages\/321\/revisions"}],"predecessor-version":[{"id":648,"href":"https:\/\/imprimeriecentrale.fr\/CFTC-AGRI\/wp-json\/wp\/v2\/pages\/321\/revisions\/648"}],"wp:attachment":[{"href":"https:\/\/imprimeriecentrale.fr\/CFTC-AGRI\/wp-json\/wp\/v2\/media?parent=321"}],"curies":[{"name":"wp","href":"https:\/\/api.w.org\/{rel}","templated":true}]}}