{"id":120,"date":"2020-09-09T09:53:58","date_gmt":"2020-09-09T07:53:58","guid":{"rendered":"http:\/\/localhost:8888\/wp_CFTC-AGRI\/?page_id=32"},"modified":"2020-11-16T09:23:30","modified_gmt":"2020-11-16T08:23:30","slug":"notre-histoire","status":"publish","type":"page","link":"https:\/\/imprimeriecentrale.fr\/CFTC-AGRI\/notre-histoire","title":{"rendered":"Notre histoire"},"content":{"rendered":"\n<p><strong>100 ans d\u2019exp\u00e9rience au service des salari\u00e9s<\/strong><\/p>\n\n\n\n<p>La Conf\u00e9d\u00e9ration Fran\u00e7aise des Travailleurs Chr\u00e9tiens, a \u00e9t\u00e9 cr\u00e9\u00e9e en 1919.<\/p>\n\n\n\n<p>Libre et ind\u00e9pendante de tout parti politique ou religieux. La CFTC est le syndicat du dialogue, du respect et de l\u2019\u00e9coute, elle favorise la concertation et la n\u00e9gociation, plut\u00f4t que la gr\u00e8ve et la constante opposition.<\/p>\n\n\n\n<p>La CFTC est le syndicat qui place la personne et sa famille au centre de son attention. Son objectif est d\u2019am\u00e9liorer le quotidien des salari\u00e9s et de trouver un juste \u00e9quilibre entre vie professionnelle et vie priv\u00e9e.<\/p>\n\n\n\n<p>&#8211;<a href=\"https:\/\/www.cftc.fr\/notre-histoire\">En savoir plus sur l\u2019histoire de la CFTC<\/a>&#8211;<\/p>\n\n\n\n<p>Cr\u00e9\u00e9 en 1969, la F\u00e9d\u00e9ration CFTC de l\u2019agriculture (CFTC-AGRI), repr\u00e9sente l\u2019ensemble des salari\u00e9s du monde agricole et de la p\u00eache.<\/p>\n\n\n\n<p>La CFTC-AGRI participe activement \u00e0 la n\u00e9gociation des conventions collectives, salaires, avantages sociaux\u2026 et aux organismes de retraite, pr\u00e9voyance, emploi, formation professionnelle en agriculture\u2026&nbsp;<\/p>\n\n\n\n<p><strong>La CFTC-AGRI pl\u00e9biscit\u00e9e par les salari\u00e9s<\/strong><\/p>\n\n\n\n<p>En janvier 2019, les salari\u00e9s agricoles \u00e9taient appel\u00e9s \u00e0 \u00e9lire pour 6 ans leurs repr\u00e9sentants au sein des Chambres d\u2019Agriculture.<\/p>\n\n\n\n<p>Apr\u00e8s une progression historique en 2013 en passant de 3,44 % en 2007 \u00e0 13,07 % des voix au niveau national,la CFTC-AGRI continue son ascension en obtenant <strong>22,10 % des voix<\/strong> en 2019.<\/p>\n\n\n\n<p><strong>1<sup>\u00e8re<\/sup> organisation syndicale en nombre d\u2019\u00e9lus<\/strong><\/p>\n\n\n\n<p><strong>Sur les 63 listes d\u00e9pos\u00e9es, la CFTC obtient en moyenne 28 % des voix et s\u2019impose en tant que premi\u00e8re organisation syndicale<\/strong>. Elle arrive en t\u00eate dans 31 d\u00e9partements et en Ile-de-France et 2<sup>\u00e8me<\/sup>&nbsp; dans 19 d\u00e9partements obtenant ainsi 85 \u00e9lus.<\/p>\n","protected":false},"excerpt":{"rendered":"<p>100 ans d\u2019exp\u00e9rience au service des salari\u00e9s La Conf\u00e9d\u00e9ration Fran\u00e7aise des Travailleurs Chr\u00e9tiens, a \u00e9t\u00e9 cr\u00e9\u00e9e en 1919. Libre et ind\u00e9pendante de tout parti politique ou religieux. La CFTC est [&#8230;] <a class=\"read-more\" href=\"https:\/\/imprimeriecentrale.fr\/CFTC-AGRI\/notre-histoire\">Lire la suite<\/a><\/p>\n","protected":false},"author":1,"featured_media":0,"parent":0,"menu_order":0,"comment_status":"closed","ping_status":"closed","template":"","meta":[],"_links":{"self":[{"href":"https:\/\/imprimeriecentrale.fr\/CFTC-AGRI\/wp-json\/wp\/v2\/pages\/120"}],"collection":[{"href":"https:\/\/imprimeriecentrale.fr\/CFTC-AGRI\/wp-json\/wp\/v2\/pages"}],"about":[{"href":"https:\/\/imprimeriecentrale.fr\/CFTC-AGRI\/wp-json\/wp\/v2\/types\/page"}],"author":[{"embeddable":true,"href":"https:\/\/imprimeriecentrale.fr\/CFTC-AGRI\/wp-json\/wp\/v2\/users\/1"}],"replies":[{"embeddable":true,"href":"https:\/\/imprimeriecentrale.fr\/CFTC-AGRI\/wp-json\/wp\/v2\/comments?post=120"}],"version-history":[{"count":1,"href":"https:\/\/imprimeriecentrale.fr\/CFTC-AGRI\/wp-json\/wp\/v2\/pages\/120\/revisions"}],"predecessor-version":[{"id":261,"href":"https:\/\/imprimeriecentrale.fr\/CFTC-AGRI\/wp-json\/wp\/v2\/pages\/120\/revisions\/261"}],"wp:attachment":[{"href":"https:\/\/imprimeriecentrale.fr\/CFTC-AGRI\/wp-json\/wp\/v2\/media?parent=120"}],"curies":[{"name":"wp","href":"https:\/\/api.w.org\/{rel}","templated":true}]}}